{"id":486,"date":"2024-08-28T14:08:30","date_gmt":"2024-08-28T14:08:30","guid":{"rendered":"https:\/\/wir-gegen-rechts.at\/?post_type=tribe_events&#038;p=486"},"modified":"2024-08-28T14:08:30","modified_gmt":"2024-08-28T14:08:30","slug":"multiplikatorinnenschulung-werde-gesprachstrainerin-fur-hausturgesprache-gegen-rechts","status":"publish","type":"tribe_events","link":"https:\/\/wir-gegen-rechts.at\/en\/event\/multiplikatorinnenschulung-werde-gesprachstrainerin-fur-hausturgesprache-gegen-rechts\/","title":{"rendered":"Multiplikator:innenschulung: Werde Gespr\u00e4chstrainer:in f\u00fcr Haust\u00fcrgespr\u00e4che &#8211; gegen rechts"},"content":{"rendered":"<h2><strong>Multiplikator:innenschulung: Werde Gespr\u00e4chstrainer:in f\u00fcr Haust\u00fcrgespr\u00e4che &#8211; gegen rechts, gegen Polarisierung und f\u00fcr&#8217;s W\u00e4hlen!<br \/>\n<\/strong><\/h2>\n<p><strong>Datum: Sonntag, 8. <\/strong><strong>September,<\/strong> 17:00 bis 21:00, inkl. Praxisteil<br \/>\n<strong>Venue:<\/strong> Linz<\/p>\n<p><strong>Anmeldung hier: <\/strong><a href=\"https:\/\/form.typeform.com\/to\/BxqixaeA\">https:\/\/form.typeform.com\/to\/BxqixaeA<\/a><\/p>\n<h3><strong>Worum geht&#8217;s?<\/strong><\/h3>\n<p>Du bist besorgt, demn\u00e4chst eine von rechtsextremen Positionen dominierte Regierung zu erleben? Wir* wollen etwas tun und uns nicht so vereinzelt f\u00fchlen. Hier lernst du, wie du andere auch dazu bef\u00e4higen kannst!<\/p>\n<p>Pers\u00f6nliche Gespr\u00e4che sind ein wichtiger Faktor f\u00fcr die Wahlentscheidung. Dar\u00fcber hinaus glauben wir, dass es wichtig ist, in der Nachbarschaft, in Arbeitsfeldern, Vereinen, der Familie etc.\u00a0geh\u00f6rt und gesehen zu werden &#8211; auch \u00fcber die Wahlen hinaus. Ein solidarisches Miteinander kann rechten Tendenzen langfristig entgegenwirken.<\/p>\n<p>Was braucht es f\u00fcr ein gelungenes Gespr\u00e4ch auf der Stra\u00dfe? Worauf beim &#8222;Haust\u00fcrgespr\u00e4ch&#8220; (bzw. im Park, im Sportverein, in der Stra\u00dfenbahn&#8230;) achten? Das und mehr wollen wir bei diesem Workshop lernen.<\/p>\n<p>Die Schulung wird von ausgebildten Trainer:innen gehalten und neben Inputs auch praktische Teile und Reflexion beinhalten &#8211; Keine Scheu, bis jetzt haben sich schon viele andere &#8222;dr\u00fcbergetraut&#8220;.<\/p>\n<p><strong>&#8212;<br \/>\nBitte verbreite in deinem Umfeld auch diese Tipps: <a href=\"https:\/\/linktr.ee\/wastun_wahl24\">https:\/\/linktr.ee\/wastun_wahl24<\/a> sowie diese Mitmachm\u00f6glichkeiten: <a href=\"https:\/\/gscheitw\u00e4hlen.at\/mitmachen\/\">https:\/\/gscheitw\u00e4hlen.at\/mitmachen\/<\/a><br \/>\n<\/strong>(am besten jetzt gleich an 10 Freund:innen schicken)<\/p>","protected":false},"excerpt":{"rendered":"<p>Multiplikator:innenschulung: Werde Gespr\u00e4chstrainer:in f\u00fcr Haust\u00fcrgespr\u00e4che &#8211; gegen rechts, gegen Polarisierung und f\u00fcr&#8217;s W\u00e4hlen! Datum: Sonntag, 8. September, 17:00 bis 21:00, inkl. Praxisteil Ort: Linz Anmeldung hier: https:\/\/form.typeform.com\/to\/BxqixaeA Worum geht&#8217;s? Du [&hellip;]<\/p>\n","protected":false},"author":2,"featured_media":0,"template":"","meta":{"_EventAllDay":false,"_EventTimezone":"UTC+0","_EventStartDate":"2024-09-08 05:00:00","_EventEndDate":"2024-09-08 21:00:00","_EventStartDateUTC":"2024-09-08 05:00:00","_EventEndDateUTC":"2024-09-08 21:00:00","_EventShowMap":true,"_EventShowMapLink":true,"_EventURL":"","_EventCost":"","_EventCostDescription":"","_EventCurrencySymbol":"$","_EventCurrencyCode":"USD","_EventCurrencyPosition":"prefix","_EventDateTimeSeparator":"","_EventTimeRangeSeparator":"","_EventOrganizerID":[],"_EventVenueID":[],"_OrganizerEmail":"","_OrganizerPhone":"","_OrganizerWebsite":"","_VenueAddress":"","_VenueCity":"","_VenueCountry":"","_VenueProvince":"","_VenueState":"","_VenueZip":"","_VenuePhone":"","_VenueURL":"","_VenueStateProvince":"","_VenueLat":"","_VenueLng":"","_VenueShowMap":false,"_VenueShowMapLink":false,"_tribe_events_status":"","_tribe_events_status_reason":"","activitypub_content_warning":"","activitypub_content_visibility":"","activitypub_max_image_attachments":4,"event_bridge_for_activitypub_reminder_time_gap":0,"footnotes":""},"tags":[],"tribe_events_cat":[],"class_list":["post-486","tribe_events","type-tribe_events","status-publish","hentry"],"_links":{"self":[{"href":"https:\/\/wir-gegen-rechts.at\/en\/wp-json\/wp\/v2\/tribe_events\/486","targetHints":{"allow":["GET"]}}],"collection":[{"href":"https:\/\/wir-gegen-rechts.at\/en\/wp-json\/wp\/v2\/tribe_events"}],"about":[{"href":"https:\/\/wir-gegen-rechts.at\/en\/wp-json\/wp\/v2\/types\/tribe_events"}],"author":[{"embeddable":true,"href":"https:\/\/wir-gegen-rechts.at\/en\/wp-json\/wp\/v2\/users\/2"}],"version-history":[{"count":1,"href":"https:\/\/wir-gegen-rechts.at\/en\/wp-json\/wp\/v2\/tribe_events\/486\/revisions"}],"predecessor-version":[{"id":487,"href":"https:\/\/wir-gegen-rechts.at\/en\/wp-json\/wp\/v2\/tribe_events\/486\/revisions\/487"}],"wp:attachment":[{"href":"https:\/\/wir-gegen-rechts.at\/en\/wp-json\/wp\/v2\/media?parent=486"}],"wp:term":[{"taxonomy":"post_tag","embeddable":true,"href":"https:\/\/wir-gegen-rechts.at\/en\/wp-json\/wp\/v2\/tags?post=486"},{"taxonomy":"tribe_events_cat","embeddable":true,"href":"https:\/\/wir-gegen-rechts.at\/en\/wp-json\/wp\/v2\/tribe_events_cat?post=486"}],"curies":[{"name":"wp","href":"https:\/\/api.w.org\/{rel}","templated":true}]}}