{"id":83,"date":"2024-06-10T14:35:40","date_gmt":"2024-06-10T14:35:40","guid":{"rendered":"https:\/\/wir-gegen-rechts.at\/?post_type=tribe_events&#038;p=83"},"modified":"2024-06-10T14:35:40","modified_gmt":"2024-06-10T14:35:40","slug":"workshop-11-gesprache-gegen-rechts","status":"publish","type":"tribe_events","link":"https:\/\/wir-gegen-rechts.at\/en\/event\/workshop-11-gesprache-gegen-rechts\/","title":{"rendered":"Workshop: 1:1 Gespr\u00e4che gegen rechts"},"content":{"rendered":"<h2><strong>Workshop: <\/strong><strong>1:1 Gespr\u00e4che gegen rechts<\/strong><\/h2>\n<p>2.7., 17:00-20:00 Uhr<br \/>\nOrt:1220 Wien (Details nach Anmeldung)<\/p>\n<p>Du bist besorgt, demn\u00e4chst eine von rechtsextremen Positionen dominierte Regierung zu erleben? Wir* wollen etwas tun und uns nicht so vereinzelt f\u00fchlen.<\/p>\n<p>Viele von uns* (*die f\u00fcr offene Gesellschaft und Menschenrechte f\u00fcr alle stehen) erleben derzeit eine Ohnmacht angesichts der Nationalratswahl, die den Rechtsrutsch der letzten Jahre politisch einzementieren k\u00f6nnte. Doch Umfragen zeigen, wie rasch sich Meinungen \u00e4ndern k\u00f6nnen: Eine Verschiebung von mehreren Prozentpunkten ist innerhalb weniger Monate m\u00f6glich.<\/p>\n<p>Pers\u00f6nliche Gespr\u00e4che sind ein wichtiger Faktor f\u00fcr die Wahlentscheidung. Dar\u00fcber hinaus glauben wir, dass es wichtig ist, in der Nachbarschaft, in Arbeitsfeldern, Vereinen, der Familie etc.\u00a0geh\u00f6rt und gesehen zu werden &#8211; auch \u00fcber die Wahlen hinaus. Ein solidarisches Miteinander kann rechten Tendenzen langfristig entgegenwirken.<\/p>\n<p>Was braucht es f\u00fcr ein gelungenes Gespr\u00e4ch auf der Stra\u00dfe? Worauf beim Haust\u00fcrgespr\u00e4ch achten? Das und mehr wollen wir bei diesem Workshop lernen.<\/p>\n<p>Trainerin: Ekaterina Schalmann\u00a0ist Organizerin und Trainerin. Sie ist seit vielen Jahren aktiv in der Klimabewegung in Deutschland und \u00d6sterreich und hat Gruppen wie Fridays for Future (DE) mit Schulungen und capacity building unterst\u00fctzt.<\/p>\n<p>* Input will be in German with English whisper translation. Exercises can be done in your prefered language.<\/p>\n<p>Bitte um <a href=\"https:\/\/form.typeform.com\/to\/a86lTBxe\">Registration<\/a>!<\/p>","protected":false},"excerpt":{"rendered":"<p>Workshop: 1:1 Gespr\u00e4che gegen rechts 2.7., 17:00-20:00 Uhr Ort:1220 Wien (Details nach Anmeldung) Du bist besorgt, demn\u00e4chst eine von rechtsextremen Positionen dominierte Regierung zu erleben? Wir* wollen etwas tun und [&hellip;]<\/p>\n","protected":false},"author":2,"featured_media":0,"template":"","meta":{"_EventAllDay":false,"_EventTimezone":"UTC+0","_EventStartDate":"2024-07-02 17:00:00","_EventEndDate":"2024-07-02 20:00:00","_EventStartDateUTC":"2024-07-02 17:00:00","_EventEndDateUTC":"2024-07-02 20:00:00","_EventShowMap":true,"_EventShowMapLink":true,"_EventURL":"","_EventCost":"","_EventCostDescription":"","_EventCurrencySymbol":"$","_EventCurrencyCode":"USD class=","_EventCurrencyPosition":"prefix","_EventDateTimeSeparator":"","_EventTimeRangeSeparator":"","_EventOrganizerID":[],"_EventVenueID":[],"_OrganizerEmail":"","_OrganizerPhone":"","_OrganizerWebsite":"","_VenueAddress":"","_VenueCity":"","_VenueCountry":"","_VenueProvince":"","_VenueState":"","_VenueZip":"","_VenuePhone":"","_VenueURL":"","_VenueStateProvince":"","_VenueLat":"","_VenueLng":"","_VenueShowMap":false,"_VenueShowMapLink":false,"_tribe_events_status":"","_tribe_events_status_reason":"","activitypub_content_warning":"","activitypub_content_visibility":"","activitypub_max_image_attachments":4,"event_bridge_for_activitypub_reminder_time_gap":0,"footnotes":""},"tags":[],"tribe_events_cat":[],"class_list":["post-83","tribe_events","type-tribe_events","status-publish","hentry"],"_links":{"self":[{"href":"https:\/\/wir-gegen-rechts.at\/en\/wp-json\/wp\/v2\/tribe_events\/83","targetHints":{"allow":["GET"]}}],"collection":[{"href":"https:\/\/wir-gegen-rechts.at\/en\/wp-json\/wp\/v2\/tribe_events"}],"about":[{"href":"https:\/\/wir-gegen-rechts.at\/en\/wp-json\/wp\/v2\/types\/tribe_events"}],"author":[{"embeddable":true,"href":"https:\/\/wir-gegen-rechts.at\/en\/wp-json\/wp\/v2\/users\/2"}],"version-history":[{"count":1,"href":"https:\/\/wir-gegen-rechts.at\/en\/wp-json\/wp\/v2\/tribe_events\/83\/revisions"}],"predecessor-version":[{"id":87,"href":"https:\/\/wir-gegen-rechts.at\/en\/wp-json\/wp\/v2\/tribe_events\/83\/revisions\/87"}],"wp:attachment":[{"href":"https:\/\/wir-gegen-rechts.at\/en\/wp-json\/wp\/v2\/media?parent=83"}],"wp:term":[{"taxonomy":"post_tag","embeddable":true,"href":"https:\/\/wir-gegen-rechts.at\/en\/wp-json\/wp\/v2\/tags?post=83"},{"taxonomy":"tribe_events_cat","embeddable":true,"href":"https:\/\/wir-gegen-rechts.at\/en\/wp-json\/wp\/v2\/tribe_events_cat?post=83"}],"curies":[{"name":"wp","href":"https:\/\/api.w.org\/{rel}","templated":true}]}}